{"id":11002,"date":"2013-12-06T04:49:44","date_gmt":"2013-12-06T03:49:44","guid":{"rendered":"https:\/\/americanconservatoryofparis.com\/?page_id=11002"},"modified":"2024-07-21T15:40:40","modified_gmt":"2024-07-21T13:40:40","slug":"faq","status":"publish","type":"page","link":"https:\/\/americanconservatoryofparis.com\/fr\/faq\/","title":{"rendered":"FAQ"},"content":{"rendered":"<div class=\"wpb-content-wrapper\">[vc_row][vc_column][\/vc_column][\/vc_row][vc_row column_spacing=\u00a0\u00bb60&Prime; css=\u00a0\u00bb.vc_custom_1627254912326{margin-top: 40px !important;}\u00a0\u00bb][vc_column width=\u00a0\u00bb1\/3&Prime;]<style>.vcex-heading.vcex_69f1251022f17{font-size:25px;font-weight:700;}<\/style><h2 class=\"vcex-heading vcex-heading-plain vcex-module wpex-heading wpex-text-2xl vcex_69f1251022f17\"><span class=\"vcex-heading-inner wpex-inline-block\">Questions fr\u00e9quemment pos\u00e9es<span class=\"vcex-heading-icon vcex-heading-icon-right vcex-icon-wrap wpex-ml-5\"><span class=\"wpex-icon\" aria-hidden=\"true\"><svg style=\"overflow:visible\" xmlns=\"http:\/\/www.w3.org\/2000\/svg\" viewBox=\"0 0 27 32\"><path d=\"M16 24.571v-3.429q0-0.25-0.161-0.411t-0.411-0.161h-3.429q-0.25 0-0.411 0.161t-0.161 0.411v3.429q0 0.25 0.161 0.411t0.411 0.161h3.429q0.25 0 0.411-0.161t0.161-0.411zM20.571 12.571q0-1.571-0.991-2.911t-2.473-2.071-3.036-0.732q-4.339 0-6.625 3.804-0.268 0.429 0.143 0.75l2.357 1.786q0.125 0.107 0.339 0.107 0.286 0 0.446-0.214 0.946-1.214 1.536-1.643 0.607-0.429 1.536-0.429 0.857 0 1.527 0.464t0.67 1.054q0 0.679-0.357 1.089t-1.214 0.804q-1.125 0.5-2.063 1.545t-0.938 2.241v0.643q0 0.25 0.161 0.411t0.411 0.161h3.429q0.25 0 0.411-0.161t0.161-0.411q0-0.339 0.384-0.884t0.973-0.884q0.571-0.321 0.875-0.509t0.821-0.625 0.795-0.857 0.5-1.080 0.223-1.446zM27.429 16q0 3.732-1.839 6.884t-4.991 4.991-6.884 1.839-6.884-1.839-4.991-4.991-1.839-6.884 1.839-6.884 4.991-4.991 6.884-1.839 6.884 1.839 4.991 4.991 1.839 6.884z\"><\/path><\/svg><\/span><\/span><\/span><\/h2><div class=\"vcex-spacing wpex-w-100 wpex-clear\" style=\"height:15px;\"><\/div>[vc_column_text]<span style=\"font-size: 16px; color: #333333;\">Question? H\u00e9sitations? Vous trouverez ci-dessous les questions qui nous sont le plus fr\u00e9quemment pos\u00e9es, mais chaque \u00e9l\u00e8ve a une histoire unique, alors n\u2019h\u00e9sitez pas \u00e0 nous envoyer un e-mail ou \u00e0 nous appeler si vous avez tout autre question !<\/span><\/p>\n<p><span style=\"font-size: 16px; color: #b522a9;\"> <a style=\"color: #b522a9;\" href=\"mailto:admissions@americanconservatoryofparis.com\">e-mail<\/a><\/span><\/p>\n<p><span style=\"font-size: 16px; color: #333333;\">+33(0)637860498<\/span>[\/vc_column_text]<div class=\"vcex-module vcex-divider vcex-divider-solid vcex-divider-center wpex-mx-auto visible-phone wpex-block wpex-h-0 wpex-border-b wpex-border-solid wpex-border-main\" style=\"margin-block-start:40px;border-bottom-width:2px;border-color:#222222;\"><\/div>[\/vc_column][vc_column width=\u00a0\u00bb2\/3&Prime;]<style>.vcex-grid-container.vcex_69f1251025fd9{gap:30px;}<\/style><div class=\"vcex-grid-container vcex-module wpex-grid wpex-gap-20 wpex-grid-cols-1 vcex_69f1251025fd9\"><style>.vcex-teaser.vcex_69f1251028826 .vcex-teaser-heading{font-size:1.38em;color:#981d7b;}<\/style><div class=\"vcex-module vcex-teaser wpex-flex wpex-flex-col vcex_69f1251028826\"><div class=\"vcex-teaser-content\"><h3 class=\"vcex-teaser-heading wpex-heading wpex-text-lg\">O\u00f9 se trouve le Conservatoire ?<\/h3><div class=\"vcex-teaser-text wpex-mt-10 wpex-last-mb-0 wpex-clr\"><p><span style=\"font-size: 16px;color: #333333\" data-preserver-spaces=\"true\"><strong>\u00c0 domicile! <\/strong><\/span><\/p>\n<p><span style=\"font-size: 16px;color: #333333\"><strong>Nous proposons des cours \u00e0 domicile \u00e0 Paris ou dans l&rsquo;enceinte d&rsquo;institutions partenaires. <\/strong>L&rsquo;adresse administrative du Conservatoire n&rsquo;est pas accessible au public. Les institutions partenaire du Conservatoire de Paris sont:<\/span><\/p>\n<p><span style=\"font-size: 16px;color: #333333\"><strong>Paris 4e &#8211;<\/strong> Cit\u00e9 Internationale des Arts \u2013 18 rue de l\u2019H\u00f4tel de Ville, 75004 Paris (ouvert \u00e0 tous les \u00e9l\u00e8ves)<\/span><\/p>\n<p><span style=\"font-size: 16px;color: #333333\"><strong>Paris 16e &#8211;<\/strong> ISP \u2013 The International School of Paris \u2013 Campus Ranelagh, Beethoven et Cortambert (UNIQUEMENT pour les \u00e9l\u00e8ves d&rsquo;ISP)<\/span><\/p>\n<p><span style=\"font-size: 16px;color: #333333\"><strong>Neuilly-sur-Seine &#8211;<\/strong> Marymount \u2013 72 bd de la Saussaye, 92200, Neuilly-sur-Seine (UNIQUEMENT pour les \u00e9l\u00e8ves de Marymount)<\/span><\/p>\n<\/div><\/div><\/div><style>.vcex-teaser.vcex_69f1251029f8e .vcex-teaser-heading{font-size:1.38em;color:#981d7b;}<\/style><div class=\"vcex-module vcex-teaser wpex-flex wpex-flex-col vcex_69f1251029f8e\"><div class=\"vcex-teaser-content\"><h3 class=\"vcex-teaser-heading wpex-heading wpex-text-lg\">Qu&apos;est-ce qui est unique au Conservatoire Am\u00e9ricain ?<\/h3><div class=\"vcex-teaser-text wpex-mt-10 wpex-last-mb-0 wpex-clr\"><p><span style=\"font-size: 16px;color: #333333\">Nous sommes une \u00e9cole de musique qui enseigne en <strong>anglais<\/strong>. Nous acceptons des \u00e9l\u00e8ves de <strong>tous \u00e2ges et de tous niveaux<\/strong>. Nous ne sommes pas une universit\u00e9 accr\u00e9dit\u00e9e.<\/span><\/p>\n<p><span style=\"font-size: 16px;color: #333333\" data-preserver-spaces=\"true\">Les professeurs du Conservatoire donnent des cours dans le confort de votre domicile, \u00e0 l&rsquo;International School of Paris, les \u00e9l\u00e8ves de l&rsquo;ISP peuvent prendre des cours directement apr\u00e8s l&rsquo;\u00e9cole sur tous les campus.<\/span><\/p>\n<p><span style=\"font-size: 16px;color: #333333\" data-preserver-spaces=\"true\">Nous encourageons nos \u00e9l\u00e8ves \u00e0 s&rsquo;int\u00e9resser \u00e0 tout ce qui les inspire et \u00e0 s&rsquo;y consacrer pleinement. Les \u00e9l\u00e8ves peuvent choisir d&rsquo;\u00e9tudier le style de musique qu&rsquo;ils aiment vraiment, que ce soit le classique, la pop ou le jazz. <\/span><\/p>\n<p><span style=\"font-size: 16px;color: #333333\" data-preserver-spaces=\"true\">Nos professeurs sont des musiciens passion\u00e9s et exp\u00e9riment\u00e9s, ayant une grande exp\u00e9rience de l&rsquo;enseignement et de la sc\u00e8ne.<\/span><\/p>\n<p><span style=\"font-size: 16px;color: #333333\">Nous offrons \u00e0 nos \u00e9l\u00e8ves <strong>2 opportunit\u00e9s de concert<\/strong> par an en janvier et en juin.<\/span><\/p>\n<\/div><\/div><\/div><style>.vcex-teaser.vcex_69f125102b4fa .vcex-teaser-heading{font-size:1.38em;color:#981d7b;}<\/style><div class=\"vcex-module vcex-teaser wpex-flex wpex-flex-col vcex_69f125102b4fa\"><div class=\"vcex-teaser-content\"><h3 class=\"vcex-teaser-heading wpex-heading wpex-text-lg\">Mon enfant est d\u00e9butant. Peut-on l&apos;inscrire au Conservatoire Am\u00e9ricain?<\/h3><div class=\"vcex-teaser-text wpex-mt-10 wpex-last-mb-0 wpex-clr\"><p><span style=\"font-size: 16px;color: #333333\" data-preserver-spaces=\"true\">Nous adorons les d\u00e9butants! Nous acceptons des \u00e9l\u00e8ves de tous \u00e2ges et de tous niveaux.<\/span><\/p>\n<\/div><\/div><\/div><style>.vcex-teaser.vcex_69f125102c6f1 .vcex-teaser-heading{font-size:1.38em;color:#981d7b;}<\/style><div class=\"vcex-module vcex-teaser wpex-flex wpex-flex-col vcex_69f125102c6f1\"><div class=\"vcex-teaser-content\"><h3 class=\"vcex-teaser-heading wpex-heading wpex-text-lg\">Quels instruments proposez-vous ?<\/h3><div class=\"vcex-teaser-text wpex-mt-10 wpex-last-mb-0 wpex-clr\"><p><span style=\"font-size: 16px;color: #333333\" data-preserver-spaces=\"true\">piano, violon, alto, violoncelle, contrebasse, clarinette, trompette, batterie, guitare, ukul\u00e9l\u00e9, chant<\/span><\/p>\n<\/div><\/div><\/div><style>.vcex-teaser.vcex_69f125102d92a .vcex-teaser-heading{font-size:1.38em;color:#981d7b;}<\/style><div class=\"vcex-module vcex-teaser wpex-flex wpex-flex-col vcex_69f125102d92a\"><div class=\"vcex-teaser-content\"><h3 class=\"vcex-teaser-heading wpex-heading wpex-text-lg\">Qu&apos;est-ce que le solf\u00e8ge?<\/h3><div class=\"vcex-teaser-text wpex-mt-10 wpex-last-mb-0 wpex-clr\"><p><span style=\"font-size: 16px;color: #333333\">Le solf\u00e8ge apprend aux \u00e9l\u00e8ves les bases de toute \u00e9ducation musicale : la lecture des notes, le rythme et le chant ; en bref, l&rsquo;alphabet musical et comment le lire de mani\u00e8re comp\u00e9tente. Pour les \u00e9l\u00e8ves plus avanc\u00e9s, elle enseigne comment la musique fonctionne et comment comprendre les compositions de nos grands compositeurs. Elle permet \u00e9galement aux \u00e9l\u00e8ves de comprendre la musique dans son ensemble, afin qu&rsquo;ils progressent de mani\u00e8re plus efficace et approfondie sur leur instrument. Le solf\u00e8ge est int\u00e9gr\u00e9 aux cours hebdomadaires. Pour les \u00e9l\u00e8ves pr\u00e9parantles examens ABRSM ayant besoin de r\u00e9ussir l&rsquo;examen de solf\u00e8ge de niveau 5, nous proposons un programme de solf\u00e8ge en ligne avec un taux de r\u00e9ussite de 100 % !<\/span><\/p>\n<\/div><\/div><\/div><style>.vcex-teaser.vcex_69f125102ebeb .vcex-teaser-heading{font-size:1.38em;color:#981d7b;}<\/style><div class=\"vcex-module vcex-teaser wpex-flex wpex-flex-col vcex_69f125102ebeb\"><div class=\"vcex-teaser-content\"><h3 class=\"vcex-teaser-heading wpex-heading wpex-text-lg\">Enseignez-vous la m\u00e9thode Suzuki?<\/h3><div class=\"vcex-teaser-text wpex-mt-10 wpex-last-mb-0 wpex-clr\"><p><span style=\"font-size: 16px;color: #333333\">Pas exactement. Nous n&rsquo;enseignons pas la m\u00e9thode Suzuki originale. Nous avons d\u00e9velopp\u00e9 notre propre m\u00e9thode d&rsquo;enseignement pour les tr\u00e8s jeunes enfants en utilisant les livres Suzuki. Nous pr\u00e9f\u00e9rons enseigner la lecture des notes d\u00e8s le d\u00e9but et former nos \u00e9l\u00e8ves \u00e0 lire la musique d\u00e8s qu&rsquo;ils commencent \u00e0 jouer.<\/span><\/p>\n<\/div><\/div><\/div><style>.vcex-teaser.vcex_69f125102fd64 .vcex-teaser-heading{font-size:1.38em;color:#981d7b;}<\/style><div class=\"vcex-module vcex-teaser wpex-flex wpex-flex-col vcex_69f125102fd64\"><div class=\"vcex-teaser-content\"><h3 class=\"vcex-teaser-heading wpex-heading wpex-text-lg\">Est-ce que j&apos;ai besoin d&apos;un instrument?<\/h3><div class=\"vcex-teaser-text wpex-mt-10 wpex-last-mb-0 wpex-clr\"><p><span style=\"font-size: 16px;color: #333333\">Oui, sauf si vous \u00eates un \u00e9l\u00e8ve de chant. Nous pouvons aider! C&rsquo;est toujours une bonne id\u00e9e de s&rsquo;assurer que vous achetez\/louez le bon \u00e9quipement. Lors de votre inscription ou de la planification de vos cours avec votre professeur, n&rsquo;h\u00e9sitez pas a nous poser toutes les questions que vous pourriez avoir. Nous pouvons vous aider \u00e0 choisir le bon instrument et vous indiquer exactement quoi acheter ou louer. Nous pouvons \u00e9galement vous indiquer \u00e0 quel(s) magasin(s) vous adresser.<\/span><\/p>\n<\/div><\/div><\/div><style>.vcex-teaser.vcex_69f1251030ecd .vcex-teaser-heading{font-size:1.38em;color:#981d7b;}<\/style><div class=\"vcex-module vcex-teaser wpex-flex wpex-flex-col vcex_69f1251030ecd\"><div class=\"vcex-teaser-content\"><h3 class=\"vcex-teaser-heading wpex-heading wpex-text-lg\">Est-ce-que le Conservatoire Am\u00e9ricain loue des instrument?<\/h3><div class=\"vcex-teaser-text wpex-mt-10 wpex-last-mb-0 wpex-clr\"><p><span style=\"font-size: 16px;color: #333333\">Non, nous ne le faisons pas, mais nos enseignants peuvent vous aider \u00e0 trouver un bon endroit pour louer ou acheter un instrument.<\/span><\/p>\n<\/div><\/div><\/div><style>.vcex-teaser.vcex_69f1251031fe3 .vcex-teaser-heading{font-size:1.38em;color:#981d7b;}<\/style><div class=\"vcex-module vcex-teaser wpex-flex wpex-flex-col vcex_69f1251031fe3\"><div class=\"vcex-teaser-content\"><h3 class=\"vcex-teaser-heading wpex-heading wpex-text-lg\">Dois-je travailler mon instrument entre les cours?<\/h3><div class=\"vcex-teaser-text wpex-mt-10 wpex-last-mb-0 wpex-clr\"><p><span style=\"font-size: 16px;color: #333333\">OUI! Il est essentiel de travailler entre les cours. Les d\u00e9butants devraient consacrer de 10 \u00e0 15 minutes chaque jour \u00e0 leur instrument La dur\u00e9e du temps de travail journalier augmente \u00e0 mesure que le niveau de l&rsquo;\u00e9l\u00e8ve monte.<\/span><\/p>\n<\/div><\/div><\/div><style>.vcex-teaser.vcex_69f1251033299 .vcex-teaser-heading{font-size:1.38em;color:#981d7b;}<\/style><div class=\"vcex-module vcex-teaser wpex-flex wpex-flex-col vcex_69f1251033299\"><div class=\"vcex-teaser-content\"><h3 class=\"vcex-teaser-heading wpex-heading wpex-text-lg\">Le Conservatoire Am\u00e9ricain propose-t-il des cours pendant l&apos;\u00e9t\u00e9 ou pendant les vacances ?<\/h3><div class=\"vcex-teaser-text wpex-mt-10 wpex-last-mb-0 wpex-clr\"><p><span style=\"font-size: 16px;color: #333333\">Oui. Tous les \u00e9l\u00e8ves inscrits pour l&rsquo;ann\u00e9e scolaire b\u00e9n\u00e9ficient d&rsquo;une r\u00e9duction de 10 % sur les cours suppl\u00e9mentaires. Pour les \u00e9l\u00e8ves \u00e0 la recherche d&rsquo;un professeur temporaire ou d&rsquo;un petit nombre de cours, veuillez consulter notre programme <span style=\"text-decoration: underline;color: #3366ff\"><a class=\"editor-rtfLink\" style=\"color: #3366ff;text-decoration: underline\" href=\"https:\/\/americanconservatoryofparis.com\/fr\/lessons\/cours-music-box\/\" target=\"_blank\" rel=\"noopener\">Music Box<\/a><\/span>. pour vous inscrire \u00e0 lexacte nombre de cours que vous d\u00e9sirez.<\/span><\/p>\n<\/div><\/div><\/div><style>.vcex-teaser.vcex_69f12510345c5 .vcex-teaser-heading{font-size:1.38em;color:#981d7b;}<\/style><div class=\"vcex-module vcex-teaser wpex-flex wpex-flex-col vcex_69f12510345c5\"><div class=\"vcex-teaser-content\"><h3 class=\"vcex-teaser-heading wpex-heading wpex-text-lg\">Le Conservatoire Am\u00e9rician propose-t-il des r\u00e9ductions sur les frais de scolarit\u00e9 ?<\/h3><div class=\"vcex-teaser-text wpex-mt-10 wpex-last-mb-0 wpex-clr\"><p><span style=\"font-size: 16px;color: #333333\">Oui. Nous offrons une r\u00e9duction de 10 % sur le deuxi\u00e8me instrument que vous \u00e9tudiez avec le Conservatoire. Nous offrons \u00e9galement une r\u00e9duction de 10 % sur les frais du prochain trimestre pour un \u00e9l\u00e8ve de votre famille pour toute personne que vous recommandez au Conservatoire, en signe de notre appr\u00e9ciation. Les personnes que vous recommandez doivent indiquer votre nom en tant que parrain sur leur formulaire d&rsquo;inscription.<\/span><br \/>\n<span style=\"font-size: 16px;color: #333333\">B\u00e9n\u00e9ficiez d&rsquo;une r\u00e9duction de 10 % sur toutes les cours suppl\u00e9mentaires si vous \u00eates inscrit annuellement au Conservatoire.<\/span><\/p>\n<\/div><\/div><\/div><style>.vcex-teaser.vcex_69f125103588b .vcex-teaser-heading{font-size:1.38em;color:#981d7b;}<\/style><div class=\"vcex-module vcex-teaser wpex-flex wpex-flex-col vcex_69f125103588b\"><div class=\"vcex-teaser-content\"><h3 class=\"vcex-teaser-heading wpex-heading wpex-text-lg\">Qu&apos;est-ce que le &quot;service \u00e0 la personne&quot; \/ cr\u00e9dit d&apos;imp\u00f4t ?<\/h3><div class=\"vcex-teaser-text wpex-mt-10 wpex-last-mb-0 wpex-clr\"><p><span style=\"font-size: 16px;color: #333333\">Le programme du gouvernement fran\u00e7ais \u00ab\u00a0service \u00e0 la personne\u00a0\u00bb vous donne droit au remboursement de la moiti\u00e9 de tous les frais du Conservatoire si les cours ont lieu \u00e0 votre domicile. Vous devez payer des imp\u00f4ts sur le revenu en France pour \u00eatre \u00e9ligible \u00e0 ce programme. V\u00e9rifiez aupr\u00e8s de votre comptable si vous \u00eates \u00e9ligible \u00e0 ce programme ou visitez ce <a class=\"editor-rtfLink\" style=\"color: #333333\" href=\"https:\/\/www.servicesalapersonne.gouv.fr\/\" target=\"_blank\" rel=\"noopener\">site<\/a> pour plus d&rsquo;informations.<\/span><\/p>\n<\/div><\/div><\/div><style>.vcex-teaser.vcex_69f1251036c77 .vcex-teaser-heading{font-size:1.38em;color:#981d7b;}<\/style><div class=\"vcex-module vcex-teaser wpex-flex wpex-flex-col vcex_69f1251036c77\"><div class=\"vcex-teaser-content\"><h3 class=\"vcex-teaser-heading wpex-heading wpex-text-lg\">Que sont les examens ABRSM?<\/h3><div class=\"vcex-teaser-text wpex-mt-10 wpex-last-mb-0 wpex-clr\"><p><span style=\"font-size: 16px;color: #333333\" data-preserver-spaces=\"true\">Les examens ABRSM sont con\u00e7us pour motiver les \u00e9l\u00e8ves de tous niveaux et de tous \u00e2ges, leur donnant des objectifs r\u00e9alistes et des r\u00e9compenses tangibles pour leur travail.<\/span><\/p>\n<p><span style=\"font-size: 16px;color: #333333\">Depuis 1889, l\u2019ABRSM fournit aux professeurs de musique et \u00e0 leurs \u00e9l\u00e8ves des examens d\u2019\u00e9valuations qui \u00e9valuent leur niveau et les progr\u00e8s individuels. Pour conna\u00eetre tous les d\u00e9tails des examens, veuillez visiter <span style=\"text-decoration: underline;color: #3366ff\"><a class=\"editor-rtfLink\" style=\"color: #3366ff\" href=\"http:\/\/abrsm.org\/\" target=\"_blank\" rel=\"noopener\">www.abrsm.org<\/a><\/span>.<\/span><\/p>\n<p><span style=\"font-size: 16px;color: #333333\" data-preserver-spaces=\"true\">Ces examens ne sont pas obligatoires.<\/span><\/p>\n<\/div><\/div><\/div><\/div>[\/vc_column][\/vc_row][vc_row][vc_column][\/vc_column][\/vc_row]\n<\/div>","protected":false},"excerpt":{"rendered":"<p>[vc_row][vc_column][\/vc_column][\/vc_row][vc_row column_spacing=\u00a0\u00bb60&Prime; css=\u00a0\u00bb.vc_custom_1627254912326{margin-top: 40px !important;}\u00a0\u00bb][vc_column width=\u00a0\u00bb1\/3&Prime;][vc_column_text]Question? H\u00e9sitations? Vous trouverez ci-dessous les questions qui nous sont le plus fr\u00e9quemment pos\u00e9es, mais chaque \u00e9l\u00e8ve a une histoire unique, alors n\u2019h\u00e9sitez pas \u00e0 nous envoyer un e-mail ou \u00e0 nous appeler si vous avez tout autre question ! e-mail +33(0)637860498[\/vc_column_text][\/vc_column][vc_column width=\u00a0\u00bb2\/3&Prime;][\/vc_column][\/vc_row][vc_row][vc_column][\/vc_column][\/vc_row]<\/p>\n","protected":false},"author":2,"featured_media":0,"parent":0,"menu_order":0,"comment_status":"closed","ping_status":"closed","template":"","meta":{"footnotes":""},"class_list":["post-11002","page","type-page","status-publish","hentry","entry","no-media"],"_links":{"self":[{"href":"https:\/\/americanconservatoryofparis.com\/fr\/wp-json\/wp\/v2\/pages\/11002","targetHints":{"allow":["GET"]}}],"collection":[{"href":"https:\/\/americanconservatoryofparis.com\/fr\/wp-json\/wp\/v2\/pages"}],"about":[{"href":"https:\/\/americanconservatoryofparis.com\/fr\/wp-json\/wp\/v2\/types\/page"}],"author":[{"embeddable":true,"href":"https:\/\/americanconservatoryofparis.com\/fr\/wp-json\/wp\/v2\/users\/2"}],"replies":[{"embeddable":true,"href":"https:\/\/americanconservatoryofparis.com\/fr\/wp-json\/wp\/v2\/comments?post=11002"}],"version-history":[{"count":0,"href":"https:\/\/americanconservatoryofparis.com\/fr\/wp-json\/wp\/v2\/pages\/11002\/revisions"}],"wp:attachment":[{"href":"https:\/\/americanconservatoryofparis.com\/fr\/wp-json\/wp\/v2\/media?parent=11002"}],"curies":[{"name":"wp","href":"https:\/\/api.w.org\/{rel}","templated":true}]}}